{"version":"1.0","provider_name":"BLOG de ENERGIAS RENOVABLES yTECNOLOGIA","provider_url":"https:\/\/www.maidotips.com\/environment","author_name":"admin","author_url":"https:\/\/www.maidotips.com\/environment\/author\/admin\/","title":"\u00bfQui\u00e9n teme a la electricidad fotovoltaica? - BLOG de ENERGIAS RENOVABLES yTECNOLOGIA","type":"rich","width":600,"height":338,"html":"<blockquote class=\"wp-embedded-content\" data-secret=\"LqYzSC8ks4\"><a href=\"https:\/\/www.maidotips.com\/environment\/%c2%bfquien-teme-a-la-electricidad-fotovoltaica\/\">\u00bfQui\u00e9n teme a la electricidad fotovoltaica?<\/a><\/blockquote><iframe sandbox=\"allow-scripts\" security=\"restricted\" src=\"https:\/\/www.maidotips.com\/environment\/%c2%bfquien-teme-a-la-electricidad-fotovoltaica\/embed\/#?secret=LqYzSC8ks4\" width=\"600\" height=\"338\" title=\"\u00ab\u00bfQui\u00e9n teme a la electricidad fotovoltaica?\u00bb \u2014 BLOG de ENERGIAS RENOVABLES yTECNOLOGIA\" data-secret=\"LqYzSC8ks4\" frameborder=\"0\" marginwidth=\"0\" marginheight=\"0\" scrolling=\"no\" class=\"wp-embedded-content\"><\/iframe><script type=\"text\/javascript\">\n\/* <![CDATA[ *\/\n\/*! This file is auto-generated *\/\n!function(d,l){\"use strict\";l.querySelector&&d.addEventListener&&\"undefined\"!=typeof URL&&(d.wp=d.wp||{},d.wp.receiveEmbedMessage||(d.wp.receiveEmbedMessage=function(e){var t=e.data;if((t||t.secret||t.message||t.value)&&!\/[^a-zA-Z0-9]\/.test(t.secret)){for(var s,r,n,a=l.querySelectorAll('iframe[data-secret=\"'+t.secret+'\"]'),o=l.querySelectorAll('blockquote[data-secret=\"'+t.secret+'\"]'),c=new RegExp(\"^https?:$\",\"i\"),i=0;i<o.length;i++)o[i].style.display=\"none\";for(i=0;i<a.length;i++)s=a[i],e.source===s.contentWindow&&(s.removeAttribute(\"style\"),\"height\"===t.message?(1e3<(r=parseInt(t.value,10))?r=1e3:~~r<200&&(r=200),s.height=r):\"link\"===t.message&&(r=new URL(s.getAttribute(\"src\")),n=new URL(t.value),c.test(n.protocol))&&n.host===r.host&&l.activeElement===s&&(d.top.location.href=t.value))}},d.addEventListener(\"message\",d.wp.receiveEmbedMessage,!1),l.addEventListener(\"DOMContentLoaded\",function(){for(var e,t,s=l.querySelectorAll(\"iframe.wp-embedded-content\"),r=0;r<s.length;r++)(t=(e=s[r]).getAttribute(\"data-secret\"))||(t=Math.random().toString(36).substring(2,12),e.src+=\"#?secret=\"+t,e.setAttribute(\"data-secret\",t)),e.contentWindow.postMessage({message:\"ready\",secret:t},\"*\")},!1)))}(window,document);\n\/* ]]> *\/\n<\/script>\n","description":"\u00bfQui\u00e9n teme a la\u00a0fotovoltaica en Espa\u00f1a? La pregunta es pertinente, vistos los obst\u00e1culos que est\u00e1 teniendo esta fuente de\u00a0energ\u00eda. Alemania instal\u00f3 20 veces m\u00e1s potencia fotovoltaica que Espa\u00f1a en el a\u00f1o 2010 \u2013pese a su menor radiaci\u00f3n solar\u2013, al haber dado entrada a la participaci\u00f3n ciudadana en este modo de producci\u00f3n el\u00e9ctrica. El\u00a0Ministerio de\u00a0Industriaespa\u00f1ol anunci\u00f3 Leer m\u00e1s ..."}